{"id":47,"date":"2021-03-29T07:26:02","date_gmt":"2021-03-29T07:26:02","guid":{"rendered":"https:\/\/paul-coppere.com\/?page_id=151"},"modified":"2021-03-29T07:26:02","modified_gmt":"2021-03-29T07:26:02","slug":"contact","status":"publish","type":"page","link":"https:\/\/paul-coppere.com\/?page_id=47","title":{"rendered":"Contact"},"content":{"rendered":"<div class=\"bm-builder clearfix \"><div id=\"row-paragraph-contact\" class=\"module col-7 module-id-1617002775508 bm-wrap row-top row-left bm-wrap-height-auto\" data-module-col=\"7\" data-change-color=\"off\" data-backcolor=\"transparent\" data-frontcolor=\"\" data-logocolor=\"\" data-goto-top=\"off\" data-goto-top-spacing=\"0\" data-goto-disable-m=\"off\" data-groupsameheight=\"off\"><div class=\"module-inside group-inside\" style=\"--cornerRadius:0px 0px 0px 0px ; --top-mod: 0px;--bottom-mod: 0px;--top-mod-t: 0px;--bottom-mod-t: 0px;--top-mod-m:0px;--bottom-mod-m:0px;\" ><div id=\"\" class=\"module col-5 module-id-1617002777395\" data-module-col=\"5\"><div class=\"module-inside text-inside\" style=\"--top-mod: 170px;--bottom-mod: 0px;--top-mod-t: 170px;--bottom-mod-t: 0px;--top-mod-m:90px;--bottom-mod-m:0px;\" ><div class=\"text_block_out\"  data-effect=\"standard\" style=\"\"><div class=\"text_block ux-mod-nobg\"><div class=\"text_block_inn\"><div id=\"text-1617002777395\" class=\"text_block_centered text_block_centered_enable_width\"  style=\"\"><p style=\"line-height: 1.2;\"><span style=\"font-size: 13px; line-height: 1.2;\"><b>Paul Copp\u00e9r\u00e9 Architecte<\/b><\/span><\/p>\n<p>&nbsp;<\/p>\n<p style=\"line-height: 1.2;\"><span style=\"font-size: 12px; line-height: 2.5;\">paul@paulcoppere.com<\/span><\/p>\n<p style=\"line-height: 1.2;\"><span style=\"font-size: 12px; line-height: 2.5;\">22 Avenue Mar\u00e9chal de Saxe, 69 006 Lyon<\/span><br><span style=\"font-size: 12px; line-height: 2.5;\">Num\u00e9ro de l\u2019inscription au Tableau de l\u2019Ordre des architectes: S23416<\/span><\/p>\n<p style=\"line-height: 1.2;\"><span style=\"font-size: 12px; line-height: 2.5;\">https:\/\/paul-coppere.com<\/span><\/p>\n<p>&nbsp;<\/p>\n<p>&nbsp;<\/p>\n<p>&nbsp;<\/p>\n<p><span style=\"font-size: 12px; line-height: 2.5;\">Site web d\u00e9velopp\u00e9 par l&#39;<span style=\"color: #333333;\"><a style=\"color: #333333;\" href=\"https:\/\/thewebcreators.fr\" target=\"_blank\" rel=\"noopener\">agence web TWC<\/a><\/span><\/span><\/p><\/div><\/div><\/div><\/div><\/div><\/div><\/div><\/div><\/div>","protected":false},"excerpt":{"rendered":"<p>Paul Copp\u00e9r\u00e9 Architecte &nbsp; paul@paulcoppere.com 22 Avenue Mar\u00e9chal de Saxe, &hellip;<\/p>\n","protected":false},"author":1,"featured_media":0,"parent":0,"menu_order":0,"comment_status":"closed","ping_status":"closed","template":"","meta":[],"_links":{"self":[{"href":"https:\/\/paul-coppere.com\/index.php?rest_route=\/wp\/v2\/pages\/47"}],"collection":[{"href":"https:\/\/paul-coppere.com\/index.php?rest_route=\/wp\/v2\/pages"}],"about":[{"href":"https:\/\/paul-coppere.com\/index.php?rest_route=\/wp\/v2\/types\/page"}],"author":[{"embeddable":true,"href":"https:\/\/paul-coppere.com\/index.php?rest_route=\/wp\/v2\/users\/1"}],"replies":[{"embeddable":true,"href":"https:\/\/paul-coppere.com\/index.php?rest_route=%2Fwp%2Fv2%2Fcomments&post=47"}],"version-history":[{"count":0,"href":"https:\/\/paul-coppere.com\/index.php?rest_route=\/wp\/v2\/pages\/47\/revisions"}],"wp:attachment":[{"href":"https:\/\/paul-coppere.com\/index.php?rest_route=%2Fwp%2Fv2%2Fmedia&parent=47"}],"curies":[{"name":"wp","href":"https:\/\/api.w.org\/{rel}","templated":true}]}}